{"id":1099,"date":"2019-10-22T21:03:19","date_gmt":"2019-10-22T21:03:19","guid":{"rendered":"http:\/\/screen.com.ve\/clientes\/guaikinima\/?post_type=staff&#038;p=1099"},"modified":"2021-12-08T14:16:36","modified_gmt":"2021-12-08T14:16:36","slug":"rodrigo-cidad","status":"publish","type":"staff","link":"https:\/\/campguaikinima.com\/es\/staff\/rodrigo-cidad\/","title":{"rendered":"Rodrigo Cidad"},"content":{"rendered":"<p>Licenciado en <em>Gesti\u00f3n de la Recreaci\u00f3n y el Deporte<\/em>, de la FIU. Naci\u00f3 dentro del mundo de los campamentos donde fue campista desde temprana edad, y con apenas 15 a\u00f1os, se empez\u00f3 a desempe\u00f1ar como gu\u00eda del Campamento Guaikinima. Ascendi\u00f3 al puesto de Coordinador, hasta llegar a ser Director de Programaci\u00f3n, encarg\u00e1ndose del reclutamiento, la selecci\u00f3n y el entrenamiento del Staff de Guaikinima y a su vez, del dise\u00f1o y ejecuci\u00f3n de la programaci\u00f3n de las temporadas. Rodrigo est\u00e1 certificado como Salvavidas por el American Red Cross, como Piloto de Parapente Nivel P3 por la USHPA (US Hangliding and Paragliding Association) y en International Canyoning. Tiene experiencia suplementaria fuera del campo de la recreaci\u00f3n en Fotograf\u00eda, Telecomunicaciones, Programaci\u00f3n Web y Producci\u00f3n Audiovisual. Actualmente es Asesor de Temporadas aportando su conocimiento en el dise\u00f1o de la programaci\u00f3n y gerencia del equipo de gu\u00edas.<\/p><!-- AddThis Advanced Settings generic via filter on the_content --><!-- AddThis Share Buttons generic via filter on the_content -->","protected":false},"featured_media":1100,"template":"","staff_category":[48],"class_list":["post-1099","staff","type-staff","status-publish","has-post-thumbnail","hentry","staff_category-alumni"],"yoast_head":"<!-- This site is optimized with the Yoast SEO plugin v26.8 - https:\/\/yoast.com\/product\/yoast-seo-wordpress\/ -->\n<title>Rodrigo Cidad | Camp Guaikinima - Espa\u00f1ol<\/title>\n<meta name=\"robots\" content=\"index, follow, max-snippet:-1, max-image-preview:large, max-video-preview:-1\" \/>\n<link rel=\"canonical\" href=\"https:\/\/campguaikinima.com\/es\/staff\/rodrigo-cidad\/\" \/>\n<meta property=\"og:locale\" content=\"es_ES\" \/>\n<meta property=\"og:type\" content=\"article\" \/>\n<meta property=\"og:title\" content=\"Rodrigo Cidad | Camp Guaikinima - Espa\u00f1ol\" \/>\n<meta property=\"og:description\" content=\"Licenciado en Gesti\u00f3n de la Recreaci\u00f3n y el Deporte, de la FIU. Naci\u00f3 dentro del mundo de los campamentos donde fue campista desde temprana edad, y con apenas 15 a\u00f1os, se empez\u00f3 a desempe\u00f1ar como gu\u00eda del Campamento Guaikinima. Ascendi\u00f3 al puesto de Coordinador, hasta llegar a ser Director de Programaci\u00f3n, encarg\u00e1ndose del reclutamiento, la...\" \/>\n<meta property=\"og:url\" content=\"https:\/\/campguaikinima.com\/es\/staff\/rodrigo-cidad\/\" \/>\n<meta property=\"og:site_name\" content=\"Camp Guaikinima - Espa\u00f1ol\" \/>\n<meta property=\"article:modified_time\" content=\"2021-12-08T14:16:36+00:00\" \/>\n<meta property=\"og:image\" content=\"https:\/\/campguaikinima.com\/es\/wp-content\/uploads\/sites\/2\/2019\/10\/Rodrigo-Cidad.jpg\" \/>\n\t<meta property=\"og:image:width\" content=\"502\" \/>\n\t<meta property=\"og:image:height\" content=\"669\" \/>\n\t<meta property=\"og:image:type\" content=\"image\/jpeg\" \/>\n<meta name=\"twitter:card\" content=\"summary_large_image\" \/>\n<meta name=\"twitter:label1\" content=\"Tiempo de lectura\" \/>\n\t<meta name=\"twitter:data1\" content=\"1 minuto\" \/>\n<script type=\"application\/ld+json\" class=\"yoast-schema-graph\">{\"@context\":\"https:\/\/schema.org\",\"@graph\":[{\"@type\":\"WebPage\",\"@id\":\"https:\/\/campguaikinima.com\/es\/staff\/rodrigo-cidad\/\",\"url\":\"https:\/\/campguaikinima.com\/es\/staff\/rodrigo-cidad\/\",\"name\":\"Rodrigo Cidad | Camp Guaikinima - Espa\u00f1ol\",\"isPartOf\":{\"@id\":\"https:\/\/campguaikinima.com\/es\/#website\"},\"primaryImageOfPage\":{\"@id\":\"https:\/\/campguaikinima.com\/es\/staff\/rodrigo-cidad\/#primaryimage\"},\"image\":{\"@id\":\"https:\/\/campguaikinima.com\/es\/staff\/rodrigo-cidad\/#primaryimage\"},\"thumbnailUrl\":\"https:\/\/campguaikinima.com\/es\/wp-content\/uploads\/sites\/2\/2019\/10\/Rodrigo-Cidad.jpg\",\"datePublished\":\"2019-10-22T21:03:19+00:00\",\"dateModified\":\"2021-12-08T14:16:36+00:00\",\"inLanguage\":\"es\",\"potentialAction\":[{\"@type\":\"ReadAction\",\"target\":[\"https:\/\/campguaikinima.com\/es\/staff\/rodrigo-cidad\/\"]}]},{\"@type\":\"ImageObject\",\"inLanguage\":\"es\",\"@id\":\"https:\/\/campguaikinima.com\/es\/staff\/rodrigo-cidad\/#primaryimage\",\"url\":\"https:\/\/campguaikinima.com\/es\/wp-content\/uploads\/sites\/2\/2019\/10\/Rodrigo-Cidad.jpg\",\"contentUrl\":\"https:\/\/campguaikinima.com\/es\/wp-content\/uploads\/sites\/2\/2019\/10\/Rodrigo-Cidad.jpg\",\"width\":502,\"height\":669,\"caption\":\"Summer Camp Florida Asesor de Operaciones\"},{\"@type\":\"WebSite\",\"@id\":\"https:\/\/campguaikinima.com\/es\/#website\",\"url\":\"https:\/\/campguaikinima.com\/es\/\",\"name\":\"Camp Guaikinima - Espa\u00f1ol\",\"description\":\"Just another Camp Guaikinima Sites site\",\"publisher\":{\"@id\":\"https:\/\/campguaikinima.com\/es\/#organization\"},\"potentialAction\":[{\"@type\":\"SearchAction\",\"target\":{\"@type\":\"EntryPoint\",\"urlTemplate\":\"https:\/\/campguaikinima.com\/es\/?s={search_term_string}\"},\"query-input\":{\"@type\":\"PropertyValueSpecification\",\"valueRequired\":true,\"valueName\":\"search_term_string\"}}],\"inLanguage\":\"es\"},{\"@type\":\"Organization\",\"@id\":\"https:\/\/campguaikinima.com\/es\/#organization\",\"name\":\"Camp Guaikinima - Espa\u00f1ol\",\"url\":\"https:\/\/campguaikinima.com\/es\/\",\"logo\":{\"@type\":\"ImageObject\",\"inLanguage\":\"es\",\"@id\":\"https:\/\/campguaikinima.com\/es\/#\/schema\/logo\/image\/\",\"url\":\"https:\/\/campguaikinima.com\/es\/wp-content\/uploads\/sites\/2\/2019\/09\/Logo-Guakinima-Full-Color-min.png\",\"contentUrl\":\"https:\/\/campguaikinima.com\/es\/wp-content\/uploads\/sites\/2\/2019\/09\/Logo-Guakinima-Full-Color-min.png\",\"width\":180,\"height\":87,\"caption\":\"Camp Guaikinima - Espa\u00f1ol\"},\"image\":{\"@id\":\"https:\/\/campguaikinima.com\/es\/#\/schema\/logo\/image\/\"}}]}<\/script>\n<!-- \/ Yoast SEO plugin. -->","yoast_head_json":{"title":"Rodrigo Cidad | Camp Guaikinima - Espa\u00f1ol","robots":{"index":"index","follow":"follow","max-snippet":"max-snippet:-1","max-image-preview":"max-image-preview:large","max-video-preview":"max-video-preview:-1"},"canonical":"https:\/\/campguaikinima.com\/es\/staff\/rodrigo-cidad\/","og_locale":"es_ES","og_type":"article","og_title":"Rodrigo Cidad | Camp Guaikinima - Espa\u00f1ol","og_description":"Licenciado en Gesti\u00f3n de la Recreaci\u00f3n y el Deporte, de la FIU. Naci\u00f3 dentro del mundo de los campamentos donde fue campista desde temprana edad, y con apenas 15 a\u00f1os, se empez\u00f3 a desempe\u00f1ar como gu\u00eda del Campamento Guaikinima. Ascendi\u00f3 al puesto de Coordinador, hasta llegar a ser Director de Programaci\u00f3n, encarg\u00e1ndose del reclutamiento, la...","og_url":"https:\/\/campguaikinima.com\/es\/staff\/rodrigo-cidad\/","og_site_name":"Camp Guaikinima - Espa\u00f1ol","article_modified_time":"2021-12-08T14:16:36+00:00","og_image":[{"width":502,"height":669,"url":"https:\/\/campguaikinima.com\/es\/wp-content\/uploads\/sites\/2\/2019\/10\/Rodrigo-Cidad.jpg","type":"image\/jpeg"}],"twitter_card":"summary_large_image","twitter_misc":{"Tiempo de lectura":"1 minuto"},"schema":{"@context":"https:\/\/schema.org","@graph":[{"@type":"WebPage","@id":"https:\/\/campguaikinima.com\/es\/staff\/rodrigo-cidad\/","url":"https:\/\/campguaikinima.com\/es\/staff\/rodrigo-cidad\/","name":"Rodrigo Cidad | Camp Guaikinima - Espa\u00f1ol","isPartOf":{"@id":"https:\/\/campguaikinima.com\/es\/#website"},"primaryImageOfPage":{"@id":"https:\/\/campguaikinima.com\/es\/staff\/rodrigo-cidad\/#primaryimage"},"image":{"@id":"https:\/\/campguaikinima.com\/es\/staff\/rodrigo-cidad\/#primaryimage"},"thumbnailUrl":"https:\/\/campguaikinima.com\/es\/wp-content\/uploads\/sites\/2\/2019\/10\/Rodrigo-Cidad.jpg","datePublished":"2019-10-22T21:03:19+00:00","dateModified":"2021-12-08T14:16:36+00:00","inLanguage":"es","potentialAction":[{"@type":"ReadAction","target":["https:\/\/campguaikinima.com\/es\/staff\/rodrigo-cidad\/"]}]},{"@type":"ImageObject","inLanguage":"es","@id":"https:\/\/campguaikinima.com\/es\/staff\/rodrigo-cidad\/#primaryimage","url":"https:\/\/campguaikinima.com\/es\/wp-content\/uploads\/sites\/2\/2019\/10\/Rodrigo-Cidad.jpg","contentUrl":"https:\/\/campguaikinima.com\/es\/wp-content\/uploads\/sites\/2\/2019\/10\/Rodrigo-Cidad.jpg","width":502,"height":669,"caption":"Summer Camp Florida Asesor de Operaciones"},{"@type":"WebSite","@id":"https:\/\/campguaikinima.com\/es\/#website","url":"https:\/\/campguaikinima.com\/es\/","name":"Camp Guaikinima - Espa\u00f1ol","description":"Just another Camp Guaikinima Sites site","publisher":{"@id":"https:\/\/campguaikinima.com\/es\/#organization"},"potentialAction":[{"@type":"SearchAction","target":{"@type":"EntryPoint","urlTemplate":"https:\/\/campguaikinima.com\/es\/?s={search_term_string}"},"query-input":{"@type":"PropertyValueSpecification","valueRequired":true,"valueName":"search_term_string"}}],"inLanguage":"es"},{"@type":"Organization","@id":"https:\/\/campguaikinima.com\/es\/#organization","name":"Camp Guaikinima - Espa\u00f1ol","url":"https:\/\/campguaikinima.com\/es\/","logo":{"@type":"ImageObject","inLanguage":"es","@id":"https:\/\/campguaikinima.com\/es\/#\/schema\/logo\/image\/","url":"https:\/\/campguaikinima.com\/es\/wp-content\/uploads\/sites\/2\/2019\/09\/Logo-Guakinima-Full-Color-min.png","contentUrl":"https:\/\/campguaikinima.com\/es\/wp-content\/uploads\/sites\/2\/2019\/09\/Logo-Guakinima-Full-Color-min.png","width":180,"height":87,"caption":"Camp Guaikinima - Espa\u00f1ol"},"image":{"@id":"https:\/\/campguaikinima.com\/es\/#\/schema\/logo\/image\/"}}]}},"_links":{"self":[{"href":"https:\/\/campguaikinima.com\/es\/wp-json\/wp\/v2\/staff\/1099","targetHints":{"allow":["GET"]}}],"collection":[{"href":"https:\/\/campguaikinima.com\/es\/wp-json\/wp\/v2\/staff"}],"about":[{"href":"https:\/\/campguaikinima.com\/es\/wp-json\/wp\/v2\/types\/staff"}],"wp:featuredmedia":[{"embeddable":true,"href":"https:\/\/campguaikinima.com\/es\/wp-json\/wp\/v2\/media\/1100"}],"wp:attachment":[{"href":"https:\/\/campguaikinima.com\/es\/wp-json\/wp\/v2\/media?parent=1099"}],"wp:term":[{"taxonomy":"staff_category","embeddable":true,"href":"https:\/\/campguaikinima.com\/es\/wp-json\/wp\/v2\/staff_category?post=1099"}],"curies":[{"name":"wp","href":"https:\/\/api.w.org\/{rel}","templated":true}]}}